{"id":4316,"date":"2019-01-22T09:36:13","date_gmt":"2019-01-22T09:36:13","guid":{"rendered":"https:\/\/temporaryservices.org\/served\/?page_id=4316"},"modified":"2020-01-02T18:53:32","modified_gmt":"2020-01-02T18:53:32","slug":"2019-2","status":"publish","type":"page","link":"https:\/\/temporaryservices.org\/served\/2019-2\/","title":{"rendered":"2019"},"content":{"rendered":"\n<figure class=\"wp-block-image size-medium\"><img loading=\"lazy\" decoding=\"async\" width=\"250\" height=\"250\" src=\"https:\/\/temporaryservices.org\/served\/wp-content\/uploads\/2019\/11\/FOCAL-POINT-2019_ENG-250x250.jpeg\" alt=\"\" class=\"wp-image-4715\" srcset=\"https:\/\/temporaryservices.org\/served\/wp-content\/uploads\/2019\/11\/FOCAL-POINT-2019_ENG-250x250.jpeg 250w, https:\/\/temporaryservices.org\/served\/wp-content\/uploads\/2019\/11\/FOCAL-POINT-2019_ENG-100x100.jpeg 100w, https:\/\/temporaryservices.org\/served\/wp-content\/uploads\/2019\/11\/FOCAL-POINT-2019_ENG-768x768.jpeg 768w, https:\/\/temporaryservices.org\/served\/wp-content\/uploads\/2019\/11\/FOCAL-POINT-2019_ENG-1024x1024.jpeg 1024w, https:\/\/temporaryservices.org\/served\/wp-content\/uploads\/2019\/11\/FOCAL-POINT-2019_ENG.jpeg 1080w\" sizes=\"auto, (max-width: 250px) 100vw, 250px\" \/><\/figure>\n\n\n\n<h4 class=\"wp-block-heading\">Focal Point Art Book Fair, Sharjah Art Foundation, Sharjah, United Arab Emirates, November 14-16, 2019<\/h4>\n\n\n\n<p>The second edition of FOCAL POINT art book fair will present printed matter by artists and publishers from the region and across the world. As part of the broader presentation, this year\u2019s content will include a special focus on zines and comics.<\/p>\n\n\n\n<p>Sharjah Art Foundation\u2019s annual art book fair, FOCAL POINT, returns for its second edition with a wide range of printed matter and a larger representation of independent publishers. The platform caters to the interdisciplinary nature of art publishing and aims to present a focus on independent and alternative publishing practices presented alongside a select number of larger, more established publishing houses.<\/p>\n\n\n\n<p>The three-day fair will feature regional and international artists and publishers who will present their content individually or within curated sections. As part of the broader presentation, this year\u2019s content will include a special focus on zines and comics.<\/p>\n\n\n\n<p>FOCAL POINT 2019 will take place from 14 to 16 November 2019 and will be returning to the heritage building of Bait Obaid Al Shamsi, in the Sharjah Arts Area. Originally built in 1845 as a residential house, the space was renovated in the late 1990s, and then again in 2017, to be used for artist studios and exhibition spaces. The location has often served as a venue for past Sharjah Biennials and SAF exhibitions.<\/p>\n\n\n\n<p>Educational workshops for adults and children will run alongside the book fair, details of which will be published on the website closer to the event. Workshop participation is free, but registration is mandatory.<\/p>\n\n\n\n<p><a href=\"http:\/\/sharjahart.org\/sharjah-art-foundation\/events\/focal-point-2019\" target=\"_blank\" rel=\"noreferrer noopener\" aria-label=\"Focal Point Art Book Fair (opens in a new tab)\"><strong>Focal Point Art Book Fair<\/strong><\/a><\/p>\n\n\n\n<hr class=\"wp-block-separator\"\/>\n\n\n\n<figure class=\"wp-block-image size-medium\"><a href=\"https:\/\/temporaryservices.org\/served\/wp-content\/uploads\/2019\/11\/CABF_2019.jpg\"><img loading=\"lazy\" decoding=\"async\" width=\"250\" height=\"250\" src=\"https:\/\/temporaryservices.org\/served\/wp-content\/uploads\/2019\/11\/CABF_2019-250x250.jpg\" alt=\"Chicago Art Book Fair 2019\" class=\"wp-image-4710\" srcset=\"https:\/\/temporaryservices.org\/served\/wp-content\/uploads\/2019\/11\/CABF_2019-250x250.jpg 250w, https:\/\/temporaryservices.org\/served\/wp-content\/uploads\/2019\/11\/CABF_2019-100x100.jpg 100w, https:\/\/temporaryservices.org\/served\/wp-content\/uploads\/2019\/11\/CABF_2019-768x768.jpg 768w, https:\/\/temporaryservices.org\/served\/wp-content\/uploads\/2019\/11\/CABF_2019-1024x1024.jpg 1024w, https:\/\/temporaryservices.org\/served\/wp-content\/uploads\/2019\/11\/CABF_2019.jpg 1080w\" sizes=\"auto, (max-width: 250px) 100vw, 250px\" \/><\/a><\/figure>\n\n\n\n<h4 class=\"wp-block-heading\">The Chicago Art Book Fair, Chicago Athletic Association, Chicago, IL, November 15-17, 2019<\/h4>\n\n\n\n<p>The Chicago Art Book Fair is an experiment in showcasing emerging directions and diverse legacies within small press arts publishing. The fair features an international group of over 125 arts publishers, small presses, book artists, comics artists, zinemakers and printmakers, with satellite programming and after parties. Beginning in 2017, we drew over 6,000 guests, and each year we look forward to bringing even more of Chicago\u2019s people together with another fantastic roster of artist vendors. In 2019, the Chicago Art Book Fair will once again convene at the historic Chicago Athletic Association, at 12 S. Michigan Avenue.<\/p>\n\n\n\n<p><strong>OPENING RECEPTION<\/strong><\/p>\n\n\n\n<p>Friday, Nov. 15: 5\u20139p<\/p>\n\n\n\n<p><strong>FAIR HOURS<\/strong><\/p>\n\n\n\n<p>Saturday, Nov. 16: 11a\u20137p<br \/>\nSunday, Nov. 17: 12\u20136p<\/p>\n\n\n\n<p><a href=\"http:\/\/www.cabf.no-coast.org\/\" target=\"_blank\" rel=\"noreferrer noopener\" aria-label=\"The Chicago Art Book Fair (opens in a new tab)\"><strong>The Chicago Art Book Fair<\/strong><\/a><\/p>\n\n\n\n<hr class=\"wp-block-separator\"\/>\n\n\n\n<figure class=\"wp-block-image size-large is-resized\"><a href=\"https:\/\/temporaryservices.org\/served\/wp-content\/uploads\/2019\/09\/Pedro_Bell.jpg\"><img loading=\"lazy\" decoding=\"async\" src=\"https:\/\/temporaryservices.org\/served\/wp-content\/uploads\/2019\/09\/Pedro_Bell-705x1024.jpg\" alt=\"Pedro Bell\" class=\"wp-image-4639\" width=\"173\" height=\"250\" srcset=\"https:\/\/temporaryservices.org\/served\/wp-content\/uploads\/2019\/09\/Pedro_Bell-705x1024.jpg 705w, https:\/\/temporaryservices.org\/served\/wp-content\/uploads\/2019\/09\/Pedro_Bell-172x250.jpg 172w, https:\/\/temporaryservices.org\/served\/wp-content\/uploads\/2019\/09\/Pedro_Bell-768x1115.jpg 768w, https:\/\/temporaryservices.org\/served\/wp-content\/uploads\/2019\/09\/Pedro_Bell.jpg 831w\" sizes=\"auto, (max-width: 173px) 100vw, 173px\" \/><\/a><figcaption>Pedro Bell (1950-2019)<\/figcaption><\/figure>\n\n\n\n<h4 class=\"wp-block-heading\">Pedro Bell, F.I.P. (Funk in Peace)<\/h4>\n\n\n\n<p>It is such sad news to learn that Pedro Bell has left us to travel up and into the cosmic slop, or whatever happens to us when all of the maggots leave our brain.<\/p>\n\n\n\n<figure class=\"wp-block-image size-large is-resized\"><a href=\"https:\/\/temporaryservices.org\/served\/wp-content\/uploads\/2019\/09\/Uncle_Jam.jpg\"><img loading=\"lazy\" decoding=\"async\" src=\"https:\/\/temporaryservices.org\/served\/wp-content\/uploads\/2019\/09\/Uncle_Jam.jpg\" alt=\"\" class=\"wp-image-4640\" width=\"250\" height=\"250\" srcset=\"https:\/\/temporaryservices.org\/served\/wp-content\/uploads\/2019\/09\/Uncle_Jam.jpg 953w, https:\/\/temporaryservices.org\/served\/wp-content\/uploads\/2019\/09\/Uncle_Jam-100x100.jpg 100w, https:\/\/temporaryservices.org\/served\/wp-content\/uploads\/2019\/09\/Uncle_Jam-250x250.jpg 250w, https:\/\/temporaryservices.org\/served\/wp-content\/uploads\/2019\/09\/Uncle_Jam-768x768.jpg 768w\" sizes=\"auto, (max-width: 250px) 100vw, 250px\" \/><\/a><figcaption>Detail of the interior gatefold of Funkadelic\u2019s \u201cUncle Jam Wants You\u201d with art work by Pedro Bell<\/figcaption><\/figure>\n\n\n\n<p>Back in 2007 when we were a group of three, Temporary Services interviewed Pedro Bell for our book <em>Group Work<\/em>,  published by Printed Matter. We got Pedro&#8217;s phone number somewhere and  we spoke for about three hours. Toward the end of the conversation, we  asked about formally interviewing him and Pedro said, &#8220;I thought that  WAS the interview!&#8221; It wound up being the first of many conversations,  but the one that went into the book was an epic group discussion at Thai  Snail in Hyde Park where the photo (at the top of the page) was taken.<\/p>\n\n\n\n<figure class=\"wp-block-image size-large is-resized\"><a href=\"https:\/\/temporaryservices.org\/served\/wp-content\/uploads\/2015\/01\/76-Group_work.jpg\"><img loading=\"lazy\" decoding=\"async\" src=\"https:\/\/temporaryservices.org\/served\/wp-content\/uploads\/2015\/01\/76-Group_work-700x1024.jpg\" alt=\"\" class=\"wp-image-1550\" width=\"171\" height=\"250\" srcset=\"https:\/\/temporaryservices.org\/served\/wp-content\/uploads\/2015\/01\/76-Group_work-700x1024.jpg 700w, https:\/\/temporaryservices.org\/served\/wp-content\/uploads\/2015\/01\/76-Group_work-205x300.jpg 205w, https:\/\/temporaryservices.org\/served\/wp-content\/uploads\/2015\/01\/76-Group_work.jpg 1094w\" sizes=\"auto, (max-width: 171px) 100vw, 171px\" \/><\/a><figcaption><em>Group Work<\/em> by Temporary Services, published by Printed Matter, with book cover art by Esteban Garc\u00eda and Nick Martin <\/figcaption><\/figure>\n\n\n\n<p>Even back then Pedro was in very fragile health. His eyesight was rapidly deteriorating, and he was going in for kidney dialysis treatments several days a week. At one point he told us about the needle they used and said, &#8220;When I saw that thing I thought I was gonna be the newest member of Nine Inch Nails!&#8221; Even as his eyes went, his brain never stopped churning out all manner of fantastic wordplay. His liner notes for Funkadelic were not just how he wrote, but often how he spoke. After transcribing our interview with him, we went down to his little room in Hyde Park and read the whole thing back to him because it would have been too hard for him to read a printed transcript. Always attentive to detail, he would stop us and make sure we were writing things accurately based on how he said them. At one point we got to his utterance of the word &#8220;hungry&#8221; and Pedro asked, &#8220;How did you spell that?&#8221; one of us said, &#8220;The usual way. h-u-n-g-r-y.&#8221; Pedro corrected us. &#8220;No, no, no. It&#8217;s HONGRY. With an &#8216;o&#8217;!&#8221;<\/p>\n\n\n\n<p>He had many questions about the book we were making and how it would be printed and designed. He wanted to know how large the type would be and when we told him probably 9 or 10 point, he insisted it could be made smaller. As with his album cover art, the details should be crammed in, whether he could still read them or not. He grilled us on the margins too. If you&#8217;ve held a Temporary Services book or booklet, you know we are not generous with our margins to begin with, but Pedro was so much worse. If you check out Garrick Gott&#8217;s design of that book, you&#8217;ll see that the margins are up to Pedro&#8217;s exacting standards. There&#8217;s no holding the book without covering the text with your thumbs.<\/p>\n\n\n\n<p>Pedro had all kinds of surprising opinions. One was that an album cover tons of people hate was one of his favorites. He loved the art for Technical Ecstasy by Black Sabbath. And of course he did. It was two robots about to fuck each other while riding on adjacent escalators.<\/p>\n\n\n\n<p>Pedro Bell was one of those people we never could have guessed we would have had the opportunity to spend so much time with. He gave us all so much wonderful art and writing. If you don&#8217;t own Funkadelic records with his work, they are some of the very best art you can live with and will provide you with many hours of visual satisfaction before you even take a moment to listen to all of that incredible music.<\/p>\n\n\n\n<p>Printed  Matter generously agreed to let us distribute the PDF of Group Work for  free. This book has been out of print for years and we are thrilled to  be able to share it again\u2014particularly with those who are thinking about  or already working in groups and might value its focus on  collaboration, generated from the voices of practitioners rather than  outside observers.<\/p>\n\n\n\n<p>This  publication provides a multitude of perspectives on the theme of Group  Work by practitioners of artistic group practice from the 1960s to the  present. It presents interviews with Canadian collective General Idea,  Chicago collective Haha, the Dutch band The Ex, the Vienna-based  WochenKlausur, the Croatian artist group What, How &amp; for Whom (WHW),  Funkadelic album designer Pedro Bell, and Political Art  Documentation\/Distribution (PAD\/D), along with essays on The Abortion  Counseling Service of the Chicago Women\u2019s Liberation Union (better known  as Jane) and the anarchist guerrilla street theater group The Diggers. A  list of words used to describe group practices and a working list of  hundreds of collectives from the last four decades rounds out the  publication.<\/p>\n\n\n\n<p>Please download and share it widely, and if you teach, consider using it with your students.<\/p>\n\n\n\n<p><a href=\"https:\/\/temporaryservices.org\/served\/projects-by-name\/group-work\/\">Group Work<\/a><\/p>\n\n\n\n<hr class=\"wp-block-separator\"\/>\n\n\n\n<figure class=\"wp-block-image is-resized\"><a href=\"http:\/\/www.artnews.com\/2019\/02\/13\/artist-publisher-temporary-services-book-forum\/\" target=\"_blank\" rel=\"noreferrer noopener\"><img loading=\"lazy\" decoding=\"async\" src=\"https:\/\/temporaryservices.org\/served\/wp-content\/uploads\/2019\/02\/art_news_framed-1024x797.jpg\" alt=\"\" class=\"wp-image-4450\" width=\"321\" height=\"250\" srcset=\"https:\/\/temporaryservices.org\/served\/wp-content\/uploads\/2019\/02\/art_news_framed-1024x797.jpg 1024w, https:\/\/temporaryservices.org\/served\/wp-content\/uploads\/2019\/02\/art_news_framed-300x233.jpg 300w, https:\/\/temporaryservices.org\/served\/wp-content\/uploads\/2019\/02\/art_news_framed-768x598.jpg 768w, https:\/\/temporaryservices.org\/served\/wp-content\/uploads\/2019\/02\/art_news_framed.jpg 1226w\" sizes=\"auto, (max-width: 321px) 100vw, 321px\" \/><\/a><figcaption>Article on ArtNews website about the forum<\/figcaption><\/figure>\n\n\n\n<h4 class=\"wp-block-heading\">Artist Publisher \u2014 Forum for Artist Book Publishing<\/h4>\n\n\n\n<p>We created an online discussion forum for artist book publishing called <a rel=\"noreferrer noopener\" href=\"https:\/\/artistpublisher.temporaryservices.org\/\" target=\"_blank\">Artist Publisher<\/a>. People have been joining and posting and we are excited to launch it publicly. Please visit the site, spread the word, and join us in multiple discussions around artist book making, zine publishing, printing, distribution, archiving and more.<\/p>\n\n\n\n<p>One of our first collective efforts has been to track and chronologically organize every art book fair and zine fest that is taking place in 2019. Have a look at that section of the forum and let us know which fairs we are missing, or what publications you are excited about.<\/p>\n\n\n\n<p>If you screen print, have a Risograph, or access to cheap photocopies, help us spread the word about the forum by downloading the fliers, printing them, and posting them around your town.<\/p>\n\n\n\n<figure class=\"wp-block-image is-resized\"><a href=\"https:\/\/artistpublisher.temporaryservices.org\/images\/Artist_Publisher_Flier_Letter.pdf\" target=\"_blank\" rel=\"noreferrer noopener\"><img loading=\"lazy\" decoding=\"async\" src=\"https:\/\/temporaryservices.org\/served\/wp-content\/uploads\/2019\/02\/Artist_Publisher_Flier_Letter-1.jpg\" alt=\"\" class=\"wp-image-4444\" width=\"194\" height=\"250\" srcset=\"https:\/\/temporaryservices.org\/served\/wp-content\/uploads\/2019\/02\/Artist_Publisher_Flier_Letter-1.jpg 313w, https:\/\/temporaryservices.org\/served\/wp-content\/uploads\/2019\/02\/Artist_Publisher_Flier_Letter-1-194x250.jpg 194w\" sizes=\"auto, (max-width: 194px) 100vw, 194px\" \/><\/a><figcaption><a href=\"https:\/\/artistpublisher.temporaryservices.org\/images\/Artist_Publisher_Flier_Letter.pdf\">Download PDF: LETTER<\/a><\/figcaption><\/figure>\n\n\n\n<figure class=\"wp-block-image is-resized\"><a href=\"https:\/\/artistpublisher.temporaryservices.org\/images\/Artist_Publisher_Flier_A4.pdf\" target=\"_blank\" rel=\"noreferrer noopener\"><img loading=\"lazy\" decoding=\"async\" src=\"https:\/\/temporaryservices.org\/served\/wp-content\/uploads\/2019\/02\/Artist_Publisher_Flier_A4.jpg\" alt=\"\" class=\"wp-image-4443\" width=\"177\" height=\"250\" srcset=\"https:\/\/temporaryservices.org\/served\/wp-content\/uploads\/2019\/02\/Artist_Publisher_Flier_A4.jpg 287w, https:\/\/temporaryservices.org\/served\/wp-content\/uploads\/2019\/02\/Artist_Publisher_Flier_A4-178x250.jpg 178w\" sizes=\"auto, (max-width: 177px) 100vw, 177px\" \/><\/a><figcaption><a href=\"https:\/\/artistpublisher.temporaryservices.org\/images\/Artist_Publisher_Flier_A4.pdf\">Download PDF: A4<\/a><\/figcaption><\/figure>\n\n\n\n<figure class=\"wp-block-image is-resized\"><a href=\"https:\/\/temporaryservices.org\/served\/wp-content\/uploads\/2019\/02\/PrintRoomArtistPublisherFlyer_HalfLetter.pdf\" target=\"_blank\" rel=\"noreferrer noopener\"><img loading=\"lazy\" decoding=\"async\" src=\"https:\/\/temporaryservices.org\/served\/wp-content\/uploads\/2019\/02\/art_pub_half_lett_handbill.jpg\" alt=\"\" class=\"wp-image-4452\" width=\"325\" height=\"250\" srcset=\"https:\/\/temporaryservices.org\/served\/wp-content\/uploads\/2019\/02\/art_pub_half_lett_handbill.jpg 517w, https:\/\/temporaryservices.org\/served\/wp-content\/uploads\/2019\/02\/art_pub_half_lett_handbill-300x232.jpg 300w\" sizes=\"auto, (max-width: 325px) 100vw, 325px\" \/><\/a><figcaption><a rel=\"noreferrer noopener\" aria-label=\"Download PDF: half letter handbill (opens in a new tab)\" href=\"https:\/\/temporaryservices.org\/served\/wp-content\/uploads\/2019\/02\/PrintRoomArtistPublisherFlyer_HalfLetter.pdf\" target=\"_blank\">Download PDF: HALF LETTER <\/a><\/figcaption><\/figure>\n\n\n\n<figure class=\"wp-block-image is-resized\"><a href=\"https:\/\/temporaryservices.org\/served\/wp-content\/uploads\/2019\/04\/Artist_Publisher_Flyer11x17.pdf\" target=\"_blank\" rel=\"noreferrer noopener\"><img loading=\"lazy\" decoding=\"async\" src=\"https:\/\/temporaryservices.org\/served\/wp-content\/uploads\/2019\/04\/Artist_Publisher_Flyer11x17.jpg\" alt=\"\" class=\"wp-image-4543\" width=\"161\" height=\"250\"\/><\/a><figcaption><a href=\"https:\/\/temporaryservices.org\/served\/wp-content\/uploads\/2019\/04\/Artist_Publisher_Flyer11x17.pdf\" target=\"_blank\" rel=\"noreferrer noopener\" aria-label=\"Download PDF: TABLOID (opens in a new tab)\">Download PDF: TABLOID<\/a><\/figcaption><\/figure>\n\n\n\n<p><a href=\"https:\/\/artistpublisher.temporaryservices.org\"><b>Artist Publisher<\/b><\/a><\/p>\n\n\n\n<hr class=\"wp-block-separator\"\/>\n\n\n\n<figure class=\"wp-block-image\"><a href=\"https:\/\/temporaryservices.org\/served\/wp-content\/uploads\/2013\/11\/Self-made_hero-image-1205-x-430.jpg\"><img loading=\"lazy\" decoding=\"async\" width=\"768\" height=\"274\" src=\"https:\/\/temporaryservices.org\/served\/wp-content\/uploads\/2013\/11\/Self-made_hero-image-1205-x-430-768x274.jpg\" alt=\"Self-made: zines and artist books\" class=\"wp-image-3794\" srcset=\"https:\/\/temporaryservices.org\/served\/wp-content\/uploads\/2013\/11\/Self-made_hero-image-1205-x-430-768x274.jpg 768w, https:\/\/temporaryservices.org\/served\/wp-content\/uploads\/2013\/11\/Self-made_hero-image-1205-x-430-300x107.jpg 300w, https:\/\/temporaryservices.org\/served\/wp-content\/uploads\/2013\/11\/Self-made_hero-image-1205-x-430-1024x365.jpg 1024w, https:\/\/temporaryservices.org\/served\/wp-content\/uploads\/2013\/11\/Self-made_hero-image-1205-x-430.jpg 1205w\" sizes=\"auto, (max-width: 768px) 100vw, 768px\" \/><\/a><\/figure>\n\n\n\n<h4 class=\"wp-block-heading\">Temporary Services &amp; Half Letter Press publications &amp; posters \u2014&nbsp;Self-made: zines and artist books, multiple locations throughout Australia, March 8, 2018 &#8211; November 24, 2019<\/h4>\n\n\n\n<p>This bold exhibition delves into the evolution of do-it-yourself culture, from limited-run artist books to cut-and-paste photocopy fanzines.<\/p>\n\n\n\n<p>Discover science fiction fanzines from the 1940s, ground-breaking 1970s punk zines, Australian underground press publications, and artist books designed to defy tradition and buck the commercial gallery system.<\/p>\n\n\n\n<p>Supported by Visions of Australia and Creative Victoria.<\/p>\n\n\n\n<p>Reviews of the exhibition: <\/p>\n\n\n\n<blockquote class=\"wp-block-quote is-layout-flow wp-block-quote-is-layout-flow\"><p><em><strong><a href=\"https:\/\/www.theage.com.au\/entertainment\/art-and-design\/never-mind-the-bloggers-zines-bring-a-diy-punk-ethic-to-the-internet-age-20170807-gxqvg6.html\">Never mind the bloggers: zines bring a DIY punk ethic to the internet age<\/a><\/strong><\/em><\/p><\/blockquote>\n\n\n\n<blockquote class=\"wp-block-quote is-layout-flow wp-block-quote-is-layout-flow\"><p><em><a href=\"https:\/\/artguide.com.au\/self-made-zines-and-artist-books\"><b>Bringing together science fiction fanzines, books by  conceptual artists, DIY aesthetics, punk zines, underground presses and  social politics,&nbsp;Self-made&nbsp;showcases over 170 works taken from the State Library\u2019s collection.<\/b><\/a><\/em><\/p><\/blockquote>\n\n\n\n<blockquote class=\"wp-block-quote is-layout-flow wp-block-quote-is-layout-flow\"><p><em><a href=\"http:\/\/artsreview.com.au\/self-made-zines-and-artist-books\/\"><b>Self made: zines and artist books<\/b><\/a><\/em><\/p><\/blockquote>\n\n\n\n<p><strong>About the curator<\/strong><\/p>\n\n\n\n<p>Monica Syrette&nbsp;attended the Canberra Institute of the Arts in the late 1980s, when the city was a major centre for artists books in Australia. In the 1990s she worked at Sydney independent music retailer Waterfront Records, ordering zines from local and international makers and distributors. Monica was archivist at Arts Project Australia and assistant curator at the Grainger Museum, founded by composer and pianist Percy Grainger. Most recently she curated the exhibition&nbsp;Wharfies support! Social justice activism from the Melbourne Docks&nbsp;at Library at the Dock.<\/p>\n\n\n\n<figure class=\"wp-block-image is-resized\"><a href=\"https:\/\/temporaryservices.org\/served\/wp-content\/uploads\/2018\/02\/Kione_poster_SLV.jpg\"><img loading=\"lazy\" decoding=\"async\" src=\"https:\/\/temporaryservices.org\/served\/wp-content\/uploads\/2018\/02\/Kione_poster_SLV-768x576.jpg\" alt=\"\" class=\"wp-image-3893\" width=\"338\" height=\"250\"\/><\/a><figcaption>Photo by Meg O&#8217;Shea<\/figcaption><\/figure>\n\n\n\n<p><strong>Exhibition locations and dates<\/strong><\/p>\n\n\n\n<p>The<em>&nbsp;Self-made<\/em>&nbsp;exhibition is touring regional galleries in Victoria, South Australia, New South Wales and Queensland from March 2018 to November 2019.<\/p>\n\n\n\n<p><strong>Victoria<\/strong><\/p>\n\n\n\n<ul class=\"wp-block-list\"><li><a href=\"https:\/\/www.bunjilplace.com.au\/\">Bunjil Place Gallery<\/a>&nbsp;in&nbsp;Narre Warren from 8 March to 29 April 2018.<\/li><li><a href=\"http:\/\/www.milduraartscentre.com.au\/\">Mildura Arts Centre<\/a>&nbsp;at&nbsp;199 Cureton Avenue, Mildura, from 21 June to 1 September 2018.<\/li><\/ul>\n\n\n\n<p><strong>South Australia&nbsp;<\/strong><\/p>\n\n\n\n<ul class=\"wp-block-list\"><li><a href=\"http:\/\/www.murraybridgegallery.com.au\/\">Murray Bridge Regional Gallery<\/a>&nbsp;at 27 Sixth Street, Murray Bridge, from 14 September to 21 October 2018.<\/li><\/ul>\n\n\n\n<p><strong>New South Wales<\/strong><\/p>\n\n\n\n<ul class=\"wp-block-list\"><li><a href=\"http:\/\/www.neram.com.au\/\">New England Regional Art Museum<\/a>&nbsp;at 106-114 Kentucky Street, South Hill, from 9 November 2018 to 3 February 2019.<\/li><li><a href=\"http:\/\/artgallery.tweed.nsw.gov.au\/\">Tweed Regional Gallery<\/a>&nbsp;at Mistral Road, South Murwillumbah, from 1 March to 19 May 2019.<\/li><\/ul>\n\n\n\n<p><strong>Queensland<\/strong><\/p>\n\n\n\n<ul class=\"wp-block-list\"><li><a href=\"http:\/\/www.tr.qld.gov.au\/facilities-recreation\/theatres-galleries\/galleries\/352-toowoomba-regional-art-gallery\">Toowoomba Regional Art Gallery<\/a>&nbsp;at 531 Ruthen Street, Toowoomba, from 1 June to 1 August 2019.<\/li><\/ul>\n\n\n\n<p><strong>Victoria<\/strong><\/p>\n\n\n\n<ul class=\"wp-block-list\"><li><a href=\"https:\/\/latroberegionalgallery.com\/\" target=\"_blank\" rel=\"noreferrer noopener\" aria-label=\" (opens in a new tab)\">Latrobe Regional Gallery<\/a>&nbsp;at 138 Commercial Road, Morwell, from 14 September to 24 November 2019.<\/li><\/ul>\n\n\n\n<p><a href=\"https:\/\/www.slv.vic.gov.au\/whats-on\/self-made-zines-artist-books\" target=\"_blank\" rel=\"noreferrer noopener\" aria-label=\"State Library Victoria (opens in a new tab)\"><b>State Library Victoria<\/b><\/a><\/p>\n\n\n\n<hr class=\"wp-block-separator\"\/>\n\n\n\n<figure class=\"wp-block-image size-medium\"><a href=\"https:\/\/temporaryservices.org\/served\/wp-content\/uploads\/2019\/11\/dabf_og_image_1200x630.jpg\"><img loading=\"lazy\" decoding=\"async\" width=\"250\" height=\"250\" src=\"https:\/\/temporaryservices.org\/served\/wp-content\/uploads\/2019\/11\/dabf_og_image_1200x630-250x250.jpg\" alt=\"Detroit Art Book Fair 2019\" class=\"wp-image-4698\" srcset=\"https:\/\/temporaryservices.org\/served\/wp-content\/uploads\/2019\/11\/dabf_og_image_1200x630-250x250.jpg 250w, https:\/\/temporaryservices.org\/served\/wp-content\/uploads\/2019\/11\/dabf_og_image_1200x630-100x100.jpg 100w, https:\/\/temporaryservices.org\/served\/wp-content\/uploads\/2019\/11\/dabf_og_image_1200x630.jpg 590w\" sizes=\"auto, (max-width: 250px) 100vw, 250px\" \/><\/a><\/figure>\n\n\n\n<h4 class=\"wp-block-heading\">Detroit Art Book Fair, Trinosophes, Detroit, MI, October 12-13, 2019<\/h4>\n\n\n\n<p>The Detroit Art Book Fair is an annual event that takes place in\n Detroit&#8217;s Eastern Market neighborhood. Each year, the fair brings \ntogether dozens of independent publishers, artists, writers, and \ncollectors to present their books, zines, and prints to the public.<\/p>\n\n\n\n<p>Founded in 2013, the fair eventually moved to Trinosophes, where it remains today.<\/p>\n\n\n\n<p><a href=\"https:\/\/detroitartbookfair.com\/\"><strong>Detroit Art Book Fair<\/strong><\/a><\/p>\n\n\n\n<hr class=\"wp-block-separator\"\/>\n\n\n\n<figure class=\"wp-block-image size-large is-resized\"><a href=\"https:\/\/temporaryservices.org\/served\/wp-content\/uploads\/2019\/09\/splash_2019.jpg\"><img loading=\"lazy\" decoding=\"async\" src=\"https:\/\/temporaryservices.org\/served\/wp-content\/uploads\/2019\/09\/splash_2019-772x1024.jpg\" alt=\"\" class=\"wp-image-4662\" width=\"189\" height=\"250\" srcset=\"https:\/\/temporaryservices.org\/served\/wp-content\/uploads\/2019\/09\/splash_2019-772x1024.jpg 772w, https:\/\/temporaryservices.org\/served\/wp-content\/uploads\/2019\/09\/splash_2019-188x250.jpg 188w, https:\/\/temporaryservices.org\/served\/wp-content\/uploads\/2019\/09\/splash_2019-768x1019.jpg 768w, https:\/\/temporaryservices.org\/served\/wp-content\/uploads\/2019\/09\/splash_2019.jpg 1445w\" sizes=\"auto, (max-width: 189px) 100vw, 189px\" \/><\/a><\/figure>\n\n\n\n<h4 class=\"wp-block-heading\">Printed Matter&#8217;s New York Art Book Fair, PS1, Queens, NY, September 19-22, 2019<\/h4>\n\n\n\n<p>Participating in the NYABF is an annual ritual for us. We will both be there again this year slinging books. <\/p>\n\n\n\n<p>We are grateful to Printed Matter for including us in Friendly Fire for another round!<\/p>\n\n\n\n<p><a href=\"https:\/\/nyabf2019.printedmatterartbookfairs.org\/\"><strong>NYABF 2019<\/strong><\/a><\/p>\n\n\n\n<hr class=\"wp-block-separator\"\/>\n\n\n\n<figure class=\"wp-block-image size-large\"><img loading=\"lazy\" decoding=\"async\" width=\"1024\" height=\"123\" src=\"https:\/\/temporaryservices.org\/served\/wp-content\/uploads\/2019\/09\/Screen-Shot-2019-09-11-at-4.49.07-PM-1024x123.png\" alt=\"\" class=\"wp-image-4679\" srcset=\"https:\/\/temporaryservices.org\/served\/wp-content\/uploads\/2019\/09\/Screen-Shot-2019-09-11-at-4.49.07-PM-1024x123.png 1024w, https:\/\/temporaryservices.org\/served\/wp-content\/uploads\/2019\/09\/Screen-Shot-2019-09-11-at-4.49.07-PM-300x36.png 300w, https:\/\/temporaryservices.org\/served\/wp-content\/uploads\/2019\/09\/Screen-Shot-2019-09-11-at-4.49.07-PM-768x92.png 768w, https:\/\/temporaryservices.org\/served\/wp-content\/uploads\/2019\/09\/Screen-Shot-2019-09-11-at-4.49.07-PM.png 1177w\" sizes=\"auto, (max-width: 1024px) 100vw, 1024px\" \/><\/figure>\n\n\n\n<h4 class=\"wp-block-heading\">Vienna Art Book Fair #1, Vienna, Austria, October 4-6, 2019<\/h4>\n\n\n\n<p>Over the course of three days  the biennial Vienna Art Book Fair #1 provides a platform for artists,  collectives, self-publishers, small publishing houses, antiquarian  booksellers, art libraries, institutions, printers, collectors and for  all those who are dedicated to the medium of the book. <\/p>\n\n\n\n<p>On this weekend the Expositur Vordere Zollamtsstra\u00dfe 7 will be turned into a book lover&#8217;s adventure park.  The artists\u2019 book as a democratic work of art will be the focus of the VABF. Hence, it is of great importance for us to keep the event free and open to the public.  <\/p>\n\n\n\n<p><a href=\"https:\/\/viennaartbookfair.com\/\"><strong>VABF<\/strong><\/a><\/p>\n\n\n\n<hr class=\"wp-block-separator\"\/>\n\n\n\n<figure class=\"wp-block-image is-resized\"><a href=\"https:\/\/temporaryservices.org\/served\/wp-content\/uploads\/2019\/01\/2019_CZF_Poster_WEB-ONLY.jpg\"><img loading=\"lazy\" decoding=\"async\" src=\"https:\/\/temporaryservices.org\/served\/wp-content\/uploads\/2019\/01\/2019_CZF_Poster_WEB-ONLY-663x1024.jpg\" alt=\"Chicago Zine Fest 2019\" class=\"wp-image-4332\" width=\"162\" height=\"250\" srcset=\"https:\/\/temporaryservices.org\/served\/wp-content\/uploads\/2019\/01\/2019_CZF_Poster_WEB-ONLY-663x1024.jpg 663w, https:\/\/temporaryservices.org\/served\/wp-content\/uploads\/2019\/01\/2019_CZF_Poster_WEB-ONLY-162x250.jpg 162w, https:\/\/temporaryservices.org\/served\/wp-content\/uploads\/2019\/01\/2019_CZF_Poster_WEB-ONLY-768x1187.jpg 768w, https:\/\/temporaryservices.org\/served\/wp-content\/uploads\/2019\/01\/2019_CZF_Poster_WEB-ONLY.jpg 2000w\" sizes=\"auto, (max-width: 162px) 100vw, 162px\" \/><\/a><\/figure>\n\n\n\n<h4 class=\"wp-block-heading\">Temporary Services &amp; Half Letter Press \u2014 Chicago Zine Fest, Plumbers Union Hall, Chicago, May 16-18, 2019<\/h4>\n\n\n\n<p>We are attending the Chicago Zine Fest this year.<\/p>\n\n\n\n<p>The Chicago Zine Fest is a celebration of small press and independent publishers, with free workshops, events, and an annual festival.<\/p>\n\n\n\n<p><a href=\"http:\/\/chicagozinefest.org\/\"><strong>Chicago Zine Fest<\/strong><\/a><\/p>\n\n\n\n<hr class=\"wp-block-separator\"\/>\n\n\n\n<figure class=\"wp-block-image\"><img decoding=\"async\" src=\"https:\/\/temporaryservices.org\/served\/wp-content\/uploads\/2018\/10\/Art_In_Chicago-210x250.jpg\" alt=\"Art In Chicago: The Fire to Now\"\/><\/figure>\n\n\n\n<h4 class=\"wp-block-heading\">Temporary Services conversation \u2014 <em>Art in Chicago: A History From Fire To Now<\/em>, Edited by Maggie Taft and Robert Cozzolino<\/h4>\n\n\n\n<p>448 pages | 160 color plates, 29 halftones | 9 1\/4 x 11 | University of Chicago Press 2018<br \/>\ufeff<\/p>\n\n\n\n<p>For decades now, the story of art in America has been dominated by New York. It gets the majority of attention, the stories of its schools and movements and masterpieces the stuff of pop culture legend. Chicago, on the other hand . . . well, people here just get on with the work of making art.<\/p>\n\n\n\n<p>Now that art is getting its due. <em>Art in Chicago<\/em> is a magisterial  account of the long history of Chicago art, from the rupture of the  Great Fire in 1871 to the present, Manierre Dawson, L\u00e1szl\u00f3 Moholy-Nagy,  and Ivan Albright to Chris Ware, Anne Wilson, and Theaster Gates. The  first single-volume history of art and artists in Chicago, the book\u2014in  recognition of the complexity of the story it tells\u2014doesn\u2019t follow a  single continuous trajectory. Rather, it presents an overlapping  sequence of interrelated narratives that together tell a full and  nuanced, yet wholly accessible history of visual art in the city. From  the temptingly blank canvas left by the Fire, we loop back to the 1830s  and on up through the 1860s, tracing the beginnings of the city\u2019s  institutional and professional art world and community. From there, we  travel in chronological order through the decades to the present.  Familiar developments\u2014such as the founding of the Art Institute, the  Armory Show, and the arrival of the Bauhaus\u2014are given a fresh look,  while less well-known aspects of the story, like the contributions of  African American artists dating back to the 1860s or the long history of  activist art, finally get suitable recognition. The six chapters, each  written by an expert in the period, brilliantly mix narrative and image,  weaving in oral histories from artists and critics reflecting on their  work in the city, and setting new movements and key works in historical  context. The final chapter, comprised of interviews and conversations  with contemporary artists, brings the story up to the present, offering a  look at the vibrant art being created in the city now and addressing  ongoing debates about what it means to identify as\u2014or resist identifying  as\u2014a Chicago artist today. The result is an unprecedentedly inclusive  and rich tapestry, one that reveals Chicago art in all its variety and  vigor\u2014and one that will surprise and enlighten even the most dedicated  fan of the city\u2019s artistic heritage.<br \/><br \/> Part of the Terra  Foundation for American Art\u2019s year-long Art Design Chicago initiative,  which will bring major arts events to venues throughout Chicago in 2018,  <em>Art in Chicago<\/em> is a landmark publication, a book that will be  the standard account of Chicago art for decades to come. No art  fan\u2014regardless of their city\u2014will want to miss it.<\/p>\n\n\n\n<p><strong><a href=\"https:\/\/www.press.uchicago.edu\/ucp\/books\/book\/chicago\/A\/bo20192281.html\">Art In Chicago: A History From Fire To Now<\/a><\/strong><\/p>\n\n\n\n<hr class=\"wp-block-separator\"\/>\n\n\n\n<figure class=\"wp-block-image\"><img decoding=\"async\" src=\"https:\/\/temporaryservices.org\/served\/wp-content\/uploads\/2018\/10\/publicando_zines-228x250.jpg\" alt=\"This image has an empty alt attribute; its file name is publicando_zines-228x250.jpg\"\/><\/figure>\n\n\n\n<h4 class=\"wp-block-heading\">Publishing Zines For Prisoners An Interview With Anthony Rayson \u2014 Translated into Portuguese<\/h4>\n\n\n\n<p>Our interview with Anthony Rayson was translated into Portuguese by Daniel L\u00fchmann for <a rel=\"noreferrer noopener\" href=\"https:\/\/abolha.com\/\" target=\"_blank\">A Bolha Editora<\/a>. Many thanks to Rachel Araujo for organizing this.<\/p>\n\n\n\n<p><strong><a rel=\"noreferrer noopener\" href=\"https:\/\/abolha.com\/2018\/08\/20\/publicando-zines-para-presos-uma-entrevista-com-anthony-rayson\/\" target=\"_blank\">Publicando Zines Para Presos: Uma Entrevista Com Anthony Rayson<\/a><\/strong><\/p>\n\n\n\n<hr class=\"wp-block-separator\"\/>\n\n\n\n<figure class=\"wp-block-image is-resized\"><a href=\"https:\/\/temporaryservices.org\/served\/wp-content\/uploads\/2019\/02\/FSW_CollectiveAction_Instagram.png\"><img loading=\"lazy\" decoding=\"async\" src=\"https:\/\/temporaryservices.org\/served\/wp-content\/uploads\/2019\/02\/FSW_CollectiveAction_Instagram.png\" alt=\"Collective Action Archive: Redux\" class=\"wp-image-4416\" width=\"250\" height=\"250\" srcset=\"https:\/\/temporaryservices.org\/served\/wp-content\/uploads\/2019\/02\/FSW_CollectiveAction_Instagram.png 800w, https:\/\/temporaryservices.org\/served\/wp-content\/uploads\/2019\/02\/FSW_CollectiveAction_Instagram-100x100.png 100w, https:\/\/temporaryservices.org\/served\/wp-content\/uploads\/2019\/02\/FSW_CollectiveAction_Instagram-250x250.png 250w, https:\/\/temporaryservices.org\/served\/wp-content\/uploads\/2019\/02\/FSW_CollectiveAction_Instagram-768x768.png 768w\" sizes=\"auto, (max-width: 250px) 100vw, 250px\" \/><\/a><\/figure>\n\n\n\n<h4 class=\"wp-block-heading\">Temporary Services \u2014 Collective Action Archive: Redux, Franklin Street Works, Stamford, CT, February 9 &#8211; September 8, 2019<\/h4>\n\n\n\n<p>Franklin Street Works, a non-profit contemporary art space in Stamford, Conn., presents\u201cCollective Action Archive: Redux,\u201d an exhibition exploring the  intersections between art and activism, featuring materials from dozens of U.S. artist\/activist collectives.<\/p>\n\n\n\n<p>The exhibition expands on the 2013 show, \u201cCollective Action Archive,\u201d which was curated collaboratively by Franklin Street Works with Purchase College, SUNY and then was accessioned into the college\u2019s library archive. The updated group exhibition features materials from the Library\u2019s archive along with new items from collectives who were not included in or had not yet formed at the time of the 2013 show. In the spirit of a living archive, new contributions will be added throughout the exhibition\u2019s run.<\/p>\n\n\n\n<p>It is view at Franklin Street Works February 9 through September 8, 2019 and launches with a free, public reception on Saturday, February 9, 5-8pm.<\/p>\n\n\n\n<p>Curated by Franklin Street Works creative director Terri C Smith, \u201cCollective Action Archive: Redux\u201d is rooted in  two past exhibitions curated by the Stamford art space. The first, \u201cWorking Alternatives: Breaking Bread, Art Broadcasting and Collective Action,\u201d included a 2012 call to more than 90 artist\/activist collectives. For the show, the materials were presented in archive boxes with only a portion on display. The second, the 2013 \u201cCollective Action Archive,\u201d at Purchase College Passage Gallery, opened the archive boxes to create a vibrant exhibition. Co-curated by Smith and her FSW colleague Sandrine Milet in collaboration with students and faculty from the Media Studies Department at Purchase College, it featured materials gathered from artist\/activist collectives. When the exhibition closed, its contents were accessioned into the Purchase College Library archive, becoming a resource for students and scholars. That archive along with new, borrowed materials will form the 2019 exhibition \u201cCollective Action Archive: Redux.&#8221;<\/p>\n\n\n\n<p>Photos, videos, artworks, pamphlets and texts by more than 3-dozen artist\/activist collectives from across the United States will be on view, including contributions from longtime collectives such as ABC No Rio, the Guerrilla Girls, Paper Tiger TV, subRosa, and Temporary Services. Programming for \u201cCollective Action Archive: Redux\u201d will include: talks by exhibiting collectives, informal presentations by regional activist organizations, and discussion groups about the often contradictory relationship between social activism and the arts.<\/p>\n\n\n\n<p>Exhibiting artist\/activist collectives include: ABC No Rio, Artists Against Apartheid, Big Tent, Codify Art, Conflict Kitchen, Critical Making, fierce pussy, Floating Lab Collective, Futurefarmers, Ghana Think Tank, Guerrilla Girls, Guffey Hollow, Howling Mob Society, Illegal Art, Just Seeds, Kitchen Sink, Knifeandfork, Lucky Pierre, M12 Collective, Meme Rider Media Team, National Bitter Melon Council, Okay Mountain Collective, Paper Tiger TV, Philly Stake, Preemptive Media, Publication Studio, RAGGA, Regional Relationships, Second Front, Students of the African Diaspora, subRosa, Temporary Services, The Pinky Show, W.A.G.E., and Work Progress Collective.<\/p>\n\n\n\n<p><a href=\"http:\/\/www.franklinstreetworks.org\/exhibition\/collective-action-archive-redux\/\" target=\"_blank\" rel=\"noreferrer noopener\" aria-label=\"Franklin Street Works (opens in a new tab)\"><b>Franklin Street Works<\/b><\/a><\/p>\n\n\n\n<hr class=\"wp-block-separator\"\/>\n\n\n\n\n\n\n\n<figure class=\"wp-block-image size-full is-resized\"><img loading=\"lazy\" decoding=\"async\" src=\"https:\/\/temporaryservices.org\/served\/wp-content\/uploads\/2019\/07\/book-self-defence.jpg\" alt=\"\" class=\"wp-image-4573\" width=\"269\" height=\"250\"\/><\/figure>\n\n\n\n<h4 class=\"wp-block-heading\">Temporary Services &amp; Half Letter Press \u2014 At Least Five Difficulties: A Symposium on Artists\u2019 Publishing, Emily Carr University of Art + Design, Vancouver, Canada, July 12-14, 2019<\/h4>\n\n\n\n<p><em>At Least Five Difficulties: A Symposium on Artists\u2019 Publishing<\/em>\n is a three-day symposium focused on the real and potential role of \nartists\u2019 books, zines, and democratic multiples as a social agent in \ncommunities at large, and as a force for change within the art world, \nduring an era of rising authoritarian movements internationally. Our \ntitle refers to Bertolt Brecht\u2019s essay <em>F\u00fcnf Schwierigkeiten beim Schreiben der Wahrheit<\/em>, or <em>Five Difficulties in Writing the Truth<\/em>\n (1934), an essay about the difficulties of using writing to oppose \nfascism. The problems elucidated by Brecht can be extended to art-making\n in general, but are particularly relevant to the distribution and \nselective formation of publics that is characteristic of artists\u2019 \npublishing. The symposium is intended for artist-publishers, curators, \nand scholars from Canada and internationally, with special focus on \nartist-publishers embodying and working with queer, indigenous, \ndisabled, working class, gender equity, and people-of-colour publics and\n issues within the context of artists\u2019 publishing, but not excluding \nother types of activist focus.<\/p>\n\n\n\n<p>A keynote presentation will be made by <strong>Martha Wilson<\/strong>, founder of Franklin Furnace Archive, and a keynote exhibition by <strong>Fiona Banner aka The Vanity Press<\/strong> will be presented in the Libby Leshgold Gallery during the symposium.<\/p>\n\n\n\n<p><strong>Schedule (all locations are at Emily Carr University, 520 East 1st Avenue, Vancouver)<\/strong><\/p>\n\n\n\n<p><strong>Friday, July 12, 6:00 pm:<\/strong> Fiona Banner in conversation with Kathy Slade (Rennie Hall)<br \/>Followed by a reception for the exhibition Fiona Banner aka The Vanity Pressn (Libby Leshgold Gallery)<\/p>\n\n\n\n<p><strong>Saturday, July 13<\/strong> <strong>1:00 pm:<\/strong> Welcome, followed by \u201cRevisiting Brecht\u2019s Five Difficulties\u201d, a talk by Kay Higgins (Rennie Hall) <strong>2:30 pm:<\/strong> \u201cPublication as a Transformative Strategy\u201d, a talk by Laura Davi\u00f1a of Publication Studio S\u00e3o Paulo (Rennie Hall) <strong>4:00 pm:<\/strong> a talk by Sebasti\u00e9n Aubin (Rennie Hall) <strong>6:30 pm:<\/strong> Keynote presentation by Martha Wilson (Reliance Theatre) followed by a reception<\/p>\n\n\n\n<p><strong>Sunday, July 14, 2:00 pm:<\/strong> \u201cCan Artist Publishers Be \nUseful?\u201d A group discussion moderated by Marc Fischer of Temporary \nServices\/Half-Letter Press, followed by a publication exchange and \nbarbeque<\/p>\n\n\n\n<p>Libby Leshgold Gallery acknowledges that it is located on unceded  territory of the Coast Salish Peoples, including the territories of the  x\u02b7m\u0259\u03b8kw\u0259y\u0313\u0259m (Musqueam), Skwxw\u00fa7mesh (Squamish), St\u00f3:l\u014d and  S\u0259l\u0313\u00edlw\u0259ta\u0294\/Selilwitulh (Tsleil-Waututh) Nations.<\/p>\n\n\n\n<p><strong><a href=\"https:\/\/www.ecuad.ca\/calendar\/at-least-five-difficulties-a-symposium-on-artists-publishing\" target=\"_blank\" rel=\"noreferrer noopener\" aria-label=\"Emily Carr University of Art + Design (opens in a new tab)\">Emily Carr University of Art + Design<\/a><\/strong><\/p>\n\n\n\n<hr class=\"wp-block-separator\"\/>\n\n\n\n<figure class=\"wp-block-image size-large is-resized\"><a href=\"https:\/\/temporaryservices.org\/served\/wp-content\/uploads\/2019\/07\/books_people_places2.jpg\"><img loading=\"lazy\" decoding=\"async\" src=\"https:\/\/temporaryservices.org\/served\/wp-content\/uploads\/2019\/07\/books_people_places2-1024x1024.jpg\" alt=\"Photo of event at Books, People, Places, in Berlin, 2019\" class=\"wp-image-4580\" width=\"250\" height=\"250\" srcset=\"https:\/\/temporaryservices.org\/served\/wp-content\/uploads\/2019\/07\/books_people_places2-1024x1024.jpg 1024w, https:\/\/temporaryservices.org\/served\/wp-content\/uploads\/2019\/07\/books_people_places2-100x100.jpg 100w, https:\/\/temporaryservices.org\/served\/wp-content\/uploads\/2019\/07\/books_people_places2-250x250.jpg 250w, https:\/\/temporaryservices.org\/served\/wp-content\/uploads\/2019\/07\/books_people_places2-768x768.jpg 768w, https:\/\/temporaryservices.org\/served\/wp-content\/uploads\/2019\/07\/books_people_places2-130x130.jpg 130w, https:\/\/temporaryservices.org\/served\/wp-content\/uploads\/2019\/07\/books_people_places2-96x96.jpg 96w, https:\/\/temporaryservices.org\/served\/wp-content\/uploads\/2019\/07\/books_people_places2.jpg 1978w\" sizes=\"auto, (max-width: 250px) 100vw, 250px\" \/><\/a><\/figure>\n\n\n\n<h4 class=\"wp-block-heading\">Public Presentation \u2014 Berliner Hefte meets &#8230; Brett Bloom, Books People Places, Berlin, Germany, June 15, 2019<\/h4>\n\n\n\n<p>Books People Places<br \/>Crellestr. 26<br \/>10827 Berlin<\/p>\n\n\n\n<p>In 2015, we invited Temporary Services to participate in Drucken Heften Laden. Reflections on Theory and Practice of Independent Publishing at nGbK, where group member, Brett Bloom, gave a public lecture on Publishing in the Realm of Plant Fibres and Electrons. Brett&#8217;s current visit to Berlin provides us with the wonderful occasion to continue the conversation and talk with him about Temporary Services&#8217; recent activities and projects. <\/p>\n\n\n\n<p>Temporary Services was co-founded by Brett Bloom and Marc Fischer, and five others, in Chicago in 1998. Over more than 20 years they have been producing exhibitions, events, and, above all, books, booklets and other publications. Temporary Services seeks to create non-competitive relationships and strives towards aesthetic experiences built upon mutual trust and unlimited experimentation.<\/p>\n\n\n\n<p><strong><a href=\"http:\/\/www.bookspeopleplaces.com\/\" target=\"_blank\" rel=\"noreferrer noopener\" aria-label=\"Books People Places (opens in a new tab)\">Books People Places<\/a><\/strong><\/p>\n\n\n\n<hr class=\"wp-block-separator\"\/>\n\n\n\n<figure class=\"wp-block-image is-resized\"><a href=\"https:\/\/temporaryservices.org\/served\/wp-content\/uploads\/2019\/03\/splashimage_LAABF2019.jpg\"><img loading=\"lazy\" decoding=\"async\" src=\"https:\/\/temporaryservices.org\/served\/wp-content\/uploads\/2019\/03\/splashimage_LAABF2019-819x1024.jpg\" alt=\"Printed Matter's LA Art Book Fair - 2019\" class=\"wp-image-4520\" width=\"200\" height=\"250\" srcset=\"https:\/\/temporaryservices.org\/served\/wp-content\/uploads\/2019\/03\/splashimage_LAABF2019-819x1024.jpg 819w, https:\/\/temporaryservices.org\/served\/wp-content\/uploads\/2019\/03\/splashimage_LAABF2019-200x250.jpg 200w, https:\/\/temporaryservices.org\/served\/wp-content\/uploads\/2019\/03\/splashimage_LAABF2019-768x960.jpg 768w\" sizes=\"auto, (max-width: 200px) 100vw, 200px\" \/><\/a><\/figure>\n\n\n\n<h4 class=\"wp-block-heading\">Temporary Services &amp; Half Letter Press \u2014 Printed Matter\u2019s LA Art Book Fair (LAABF), T<strong>he Geffen Contemporary at MOCA<\/strong>, Los Angeles, California, <strong>April 12\u2013April 14, 2019<\/strong> (Opening Night April 11)<\/h4>\n\n\n\n<p>The LAABF returns this year after a brief hiatus. We are really happy to be attending this year!<\/p>\n\n\n\n<p><a href=\"http:\/\/laartbookfair.net\/\"><b>LAABF<\/b><\/a><br \/><\/p>\n\n\n\n<hr class=\"wp-block-separator\"\/>\n\n\n\n<figure class=\"wp-block-image is-resized\"><a href=\"https:\/\/temporaryservices.org\/served\/wp-content\/uploads\/2019\/02\/copy-machine.jpg\"><img loading=\"lazy\" decoding=\"async\" src=\"https:\/\/temporaryservices.org\/served\/wp-content\/uploads\/2019\/02\/copy-machine.jpg\" alt=\"Copie Machine, PrintRoom, Rotterdam, 2019\" class=\"wp-image-4466\" width=\"481\" height=\"250\" srcset=\"https:\/\/temporaryservices.org\/served\/wp-content\/uploads\/2019\/02\/copy-machine.jpg 1000w, https:\/\/temporaryservices.org\/served\/wp-content\/uploads\/2019\/02\/copy-machine-300x157.jpg 300w, https:\/\/temporaryservices.org\/served\/wp-content\/uploads\/2019\/02\/copy-machine-768x401.jpg 768w\" sizes=\"auto, (max-width: 481px) 100vw, 481px\" \/><\/a><\/figure>\n\n\n\n<h4 class=\"wp-block-heading\">Temporary Services &amp; Half Letter Press \u2014 Copie Machine, PrintRoom, Rotterdam, Netherlands, March 2 &#8211; April 13, 2019<\/h4>\n\n\n\n<p>From 2 March until 13 April PrintRoom transforms into a free-for-all,  free of charge, fully operating copy shop. Take any of the contributed  works by over sixty participants, place it on the glass screen, hit that  big green button. All stationary is provided to duplicate and create  self-copied constellations bound together in book form. Copie Machine is  a project by antoine lefebvre editions (FR) and Laura Morsch-Kihn (FR)  with contributions by over sixty Rotterdam-based and international  artists, designers, writers and theoreticians.<\/p>\n\n\n\n<p>Sara MacKillop (UK) presents her new artist book Publications 2008-2018,  published by Bierke Verlag, alongside a display of her self-published  material produced during this ten-year period. We can also expect an  intervention by Sara in our temporary copy shop.<\/p>\n\n\n\n<p>Copie Machine kicks off with a performative presentation of Copy This Book by Eric Schrijver.<\/p>\n\n\n\n<p>16.00 -18.00 Presentations by Sara MacKillop, Antoine Lefebvre and Eric Schrijver<\/p>\n\n\n\n<p>20.00 &#8211; 1.00 Copie Machine &#8211; hit that green button!<br \/>Part of the Museumnacht010 programme.<\/p>\n\n\n\n<p>Copie Machine, Temporary Photocopy Zone runs from 2 March &#8211; 13 April 2019.<\/p>\n\n\n\n<p>More information:<\/p>\n\n\n\n<p>With Copie Machine, antoine lefebvre editions and Laura Morsch-Kihn call  for a copy-left paper jam. In this Temporary Autonomous Zone exclusive  ownership is replaced by freedom of use, transformation and distribution  under the Free Art License. The photocopier functions as a subversive  tool inviting the viewer to become user, author and publisher; its  formal office esthetics is just a cover-up. During the time of the  exhibition we\u2019ll create a publication with antoine lefebvre editions,  Laura Morsch-Kihn and contributors to the project.<\/p>\n\n\n\n<p>In tandem with Copie Machine Sara MacKillop will show playful and  minimalistic works in which office equipment features as key component.  Ballpoint pens, envelopes and Post-its form elements within her practice  that can be arranged and rearranged into prints, publications and  minimalist interventions such as Pencil Fence. By using mundane imagery  and appropriating corporate identities she seamlessly blends art and the  everyday, for example in her better known bootleg IKEA-catalogues.<\/p>\n\n\n\n<p>Self-publishing is a key element within MacKillop\u2019s practice, therefore a  number of her publications will be on display besides some minimalist  interventions.<\/p>\n\n\n\n<p>Furthermore Eric Schrijver will do a performative lecture introducing  the topic of copyright. His Copy This Book &#8211; An artist\u2019s guide to  copyright was recently published at Onomatopee, Eindhoven; critical as  well as practical, Copy This Book invites its readers to take part in  its redistribution.<\/p>\n\n\n\n<p>Contributions by:<\/p>\n\n\n\n<p>Kate Briggs, Arnaud Desjardin, El Corruptor, Wil van Iersel, gerlach en  koop, Sara Mackillop, Nicole Martens, Stefan Marx, Cengiz Meng\u00fc\u00e7, Mark  Pawson, Just Quist, Temporary Services, Thomas Walkaar, Erik van der  Weijde, Ian Whittlesea, AGV, Anonyme, Atelier 17 17, Lisa Anne Auerbach,  Pierre Belouin &amp; Fran\u00e7ois Coadou, Natalia Bobadilla, Leszek  Brogowski &amp; Aur\u00e9lie Noury, Camille Carbonaro, Aymeric Chaslerie,  Alex Chevalier, Rodolphe Cobetto-Caravanes, Sylvain Couzinet-Jacques,  Nicolas Daubanes, Dominique De Beir, Demi Tour De France, Barbara  Denis-Morel, Nil Din\u00e7, Damien Dion, Sophia Djitli, Nico Dockx,  documentation c\u00e9line duval, Vanessa Dziuba, Arnaud Elfort,  Expo-serPublier, Ryan Foerster, Anne Val\u00e9rie Gasc, Misha Golebska,  Mattias Gunnarson, Charlotte Hubert, Farah Khelil, P. Nicolas Ledoux,  Cary Loren, Laurent Marissal, Pat McCarthy, Ghislain Mollet-Vi\u00e9ville,  Antoine Moreau, Omnivorous Persona, Andr\u00e9e Ospina, Pierre et Gilles,  Oc\u00e9ane Ragoucy, Julie Redon, Jean-Fran\u00e7ois Robic, Lucie Rocher, Benjamin  Sabatier, SAEIO, C\u00e9dric Schonwald, Catherine Schwartz, Seitoung, Marie  Sochor, Sun7 (Marie Glasser, Matt\u00e9o Tang, Carine Klonowski), Melchior  Tersen, Mathieu Tremblin, Dennis Tyfus, Eric Watier, Werker, Nayel  Zeaiter, Fabio Zimbres<\/p>\n\n\n\n<p>Copie Machine is a production of the Edith research team from the Esadhar, Rouen.<\/p>\n\n\n\n<p>The copy machine of Copie Machine is generously sponsored by Ophuysen, Rotterdam.<\/p>\n\n\n\n<p>PrintRoom&#8217;s program is kindly supported by the Creative Industries Fund  NL, the Mondrian Fund and the City of Rotterdam, department of Culture.<\/p>\n\n\n\n<p><a href=\"https:\/\/printroom.wordpress.com\/2019\/02\/20\/02-03-13-04-2019-copie-machine-temporary-photocopy-zone\/\"><b>PrintRoom<\/b><\/a><\/p>\n\n\n\n<hr class=\"wp-block-separator\"\/>\n\n\n\n<figure class=\"wp-block-image is-resized\"><a href=\"https:\/\/temporaryservices.org\/served\/wp-content\/uploads\/2019\/01\/JusttypewriterMZF.png\" target=\"_blank\" rel=\"noreferrer noopener\"><img loading=\"lazy\" decoding=\"async\" src=\"https:\/\/temporaryservices.org\/served\/wp-content\/uploads\/2019\/01\/JusttypewriterMZF.png\" alt=\"\" class=\"wp-image-4352\" width=\"331\" height=\"250\" srcset=\"https:\/\/temporaryservices.org\/served\/wp-content\/uploads\/2019\/01\/JusttypewriterMZF.png 750w, https:\/\/temporaryservices.org\/served\/wp-content\/uploads\/2019\/01\/JusttypewriterMZF-300x226.png 300w\" sizes=\"auto, (max-width: 331px) 100vw, 331px\" \/><\/a><\/figure>\n\n\n\n<h4 class=\"wp-block-heading\">Temporary Services &amp; Half Letter Press \u2014 Milwaukee Zine Fest, Milwaukee Public Library, Central Branch, Milwaukee, WI, April 6th, 2019<\/h4>\n\n\n\n<p>MZF times: 10:30 AM &#8211; 4:30 PM<\/p>\n\n\n\n<p><a href=\"https:\/\/www.binderymke.com\/milwaukeezinefest\/\"><b>Milwaukee Zine Fest<\/b><\/a><\/p>\n\n\n\n<hr class=\"wp-block-separator\"\/>\n\n\n\n<figure class=\"wp-block-image is-resized\"><a href=\"https:\/\/temporaryservices.org\/served\/wp-content\/uploads\/2019\/03\/0-1.jpg\"><img loading=\"lazy\" decoding=\"async\" src=\"https:\/\/temporaryservices.org\/served\/wp-content\/uploads\/2019\/03\/0-1-825x1024.jpg\" alt=\"\" class=\"wp-image-4511\" width=\"201\" height=\"250\" srcset=\"https:\/\/temporaryservices.org\/served\/wp-content\/uploads\/2019\/03\/0-1-825x1024.jpg 825w, https:\/\/temporaryservices.org\/served\/wp-content\/uploads\/2019\/03\/0-1-201x250.jpg 201w, https:\/\/temporaryservices.org\/served\/wp-content\/uploads\/2019\/03\/0-1-768x954.jpg 768w, https:\/\/temporaryservices.org\/served\/wp-content\/uploads\/2019\/03\/0-1.jpg 1076w\" sizes=\"auto, (max-width: 201px) 100vw, 201px\" \/><\/a><\/figure>\n\n\n\n<h4 class=\"wp-block-heading\">Temporary Services &amp; Half Letter Press \u2014 Foto Mercado, Ace Hotel, Chicago, IL, March 23 &#8211; 24, 2019<\/h4>\n\n\n\n<p>We are happy to be returning to this year&#8217;s Foto Mercado.<\/p>\n\n\n\n<p>Foto Mercado, an all photo zine, book,  &amp; print fest, will be March 22-24, 2019 at the Ace Hotel Chicago.  Free admission &amp; DJ\u2019s all day.<\/p>\n\n\n\n<hr class=\"wp-block-separator\"\/>\n\n\n\n<figure class=\"wp-block-image is-resized\"><a href=\"https:\/\/temporaryservices.org\/served\/wp-content\/uploads\/2019\/01\/rrreplica_2019.png\"><img loading=\"lazy\" decoding=\"async\" src=\"https:\/\/temporaryservices.org\/served\/wp-content\/uploads\/2019\/01\/rrreplica_2019-1024x560.png\" alt=\"Rrr\u00e9plica\u201404\" class=\"wp-image-4304\" width=\"455\" height=\"250\" srcset=\"https:\/\/temporaryservices.org\/served\/wp-content\/uploads\/2019\/01\/rrreplica_2019-1024x560.png 1024w, https:\/\/temporaryservices.org\/served\/wp-content\/uploads\/2019\/01\/rrreplica_2019-300x164.png 300w, https:\/\/temporaryservices.org\/served\/wp-content\/uploads\/2019\/01\/rrreplica_2019-768x420.png 768w, https:\/\/temporaryservices.org\/served\/wp-content\/uploads\/2019\/01\/rrreplica_2019.png 1164w\" sizes=\"auto, (max-width: 455px) 100vw, 455px\" \/><\/a><\/figure>\n\n\n\n<h4 class=\"wp-block-heading\">Temporary Services &amp; Half Letter Press \u2014 Rrr\u00e9plica\u201404, Mexico City, Mexico, February 2-3, 2019<\/h4>\n\n\n\n<p><strong>MEETING \/ ENCOUNTER \/ CLASH OF REBELLIOUS \/ DISOBEDIENT \/ UNRULY \/ PUBLISHERS \/ PRINTERS \/ EDITORS \/ DUPLICATORS \/ TO CONFORM&nbsp;PUBLIC SPACE \/ TO CULTIVATE THE RIGHT TO DISSENT \/ TO ATTEND THE URGENCY \/ TO RESONATE!<\/strong><\/p>\n\n\n\n<p>Rrr\u00e9plica is a non-profit, fiercely independent initiative. A gathering for the discussion and dissemination of the publishing practices of those who use the electronic stencil-printing technique, known as risography. It\u2019s about publishing, conforming public space, cultivate the right to dissent, attend the urgency and resonate.<\/p>\n\n\n\n<p>We are excited to once again be present for this fantastic independent fair organized by our friends <a href=\"https:\/\/www.gatonegro.ninja\/#!\">Gato Negro Ediciones<\/a>.<\/p>\n\n\n\n<p><strong><a href=\"https:\/\/www.rrreplica.org\/\">Rrr\u00e9plica<\/a><\/strong><\/p>\n\n\n\n<hr class=\"wp-block-separator\"\/>\n\n\n\n<figure class=\"wp-block-image\"><a href=\"https:\/\/temporaryservices.org\/served\/wp-content\/uploads\/2018\/10\/extension_homepagebanner.jpg\"><img loading=\"lazy\" decoding=\"async\" width=\"209\" height=\"250\" src=\"https:\/\/temporaryservices.org\/served\/wp-content\/uploads\/2018\/10\/extension_homepagebanner-209x250.jpg\" alt=\"Extension: Artists\u2019 Books, Prints, and Zines\" class=\"wp-image-4168\" srcset=\"https:\/\/temporaryservices.org\/served\/wp-content\/uploads\/2018\/10\/extension_homepagebanner-209x250.jpg 209w, https:\/\/temporaryservices.org\/served\/wp-content\/uploads\/2018\/10\/extension_homepagebanner.jpg 360w\" sizes=\"auto, (max-width: 209px) 100vw, 209px\" \/><\/a><\/figure>\n\n\n\n<h4 class=\"wp-block-heading\">Temporary Services &amp; Half Letter Press publications \u2014 Extension: Artists\u2019 Books, Prints, and Zines, Dixon Gallery &amp; Gardens, Memphis Art Museum, Memphis, TN, October 14, 2018 \u2013 January 13, 2019<\/h4>\n\n\n<style type=\"text\/css\">#envira-gallery-4241 { }<\/style><div id=\"envira-gallery-wrap-4241\" class=\"envira-gallery-wrap envira-lazy-loading-enabled envira-layout-automatic\" itemscope itemtype=\"https:\/\/schema.org\/ImageGallery\"><div class=\"envira-loader\"><div><\/div><div><\/div><div><\/div><div><\/div><\/div><div id=\"envira-gallery-4241\" class=\"envira-gallery-public envira-gallery-0-columns envira-clear envira-gallery-justified-public\" data-envira-id=\"4241\" data-gallery-config='{\"type\":\"default\",\"columns\":\"0\",\"gallery_theme\":\"base\",\"justified_margins\":20,\"justified_last_row\":\"nojustify\",\"lazy_loading\":1,\"lazy_loading_delay\":500,\"gutter\":10,\"margin\":10,\"image_size\":\"default\",\"crop_width\":640,\"crop_height\":480,\"crop\":0,\"crop_position\":\"c\",\"additional_copy_0\":0,\"additional_copy_title\":0,\"additional_copy_caption\":0,\"additional_copy_0_mobile\":0,\"additional_copy_title_mobile\":0,\"additional_copy_caption_mobile\":0,\"additional_copy_automatic_0\":0,\"additional_copy_automatic_title\":1,\"additional_copy_automatic_caption\":1,\"additional_copy_automatic_0_mobile\":0,\"additional_copy_automatic_title_mobile\":1,\"additional_copy_automatic_caption_mobile\":1,\"justified_row_height\":150,\"description_position\":\"0\",\"description\":\"\",\"random\":\"0\",\"sort_order\":\"0\",\"sorting_direction\":\"ASC\",\"image_sizes_random\":[],\"isotope\":1,\"lightbox_enabled\":1,\"gallery_link_enabled\":1,\"lightbox_theme\":\"base_dark\",\"lightbox_image_size\":\"default\",\"title_display\":\"float\",\"lightbox_title_caption\":\"title\",\"arrows\":1,\"arrows_position\":\"inside\",\"aspect\":1,\"toolbar\":0,\"toolbar_title\":0,\"toolbar_position\":\"top\",\"loop\":1,\"lightbox_open_close_effect\":\"fade\",\"effect\":\"fade\",\"supersize\":0,\"thumbnails_toggle\":0,\"thumbnails_hide\":0,\"image_counter\":0,\"thumbnails\":1,\"thumbnails_width\":\"auto\",\"thumbnails_height\":\"auto\",\"thumbnails_position\":\"bottom\",\"thumbnails_custom_size\":0,\"mobile\":1,\"mobile_width\":320,\"mobile_height\":240,\"mobile_lightbox\":1,\"mobile_gallery_link_enabled\":0,\"mobile_arrows\":1,\"mobile_toolbar\":1,\"mobile_thumbnails\":1,\"mobile_touchwipe_close\":0,\"mobile_thumbnails_width\":75,\"mobile_thumbnails_height\":50,\"mobile_justified_row_height\":80,\"keyboard\":true,\"standalone_template\":\"\",\"classes\":[\"\"],\"rtl\":0,\"slug\":\"extension-artists-books-prints-and-zines-dixon-gallery-gardens-memphis-art-museum-memphis-tn-october-14-2018-january-13-2019\",\"custom_css\":\"#envira-gallery-4241 { \\r\\n    \\\/* margin-bottom: 20px; *\\\/\\r\\n    \\\/* font-size: 18px; *\\\/\\r\\n    \\\/* font-family: \\\"roboto\\\"; *\\\/\\r\\n}\",\"deeplinking\":0,\"download_all\":0,\"download_all_position\":\"below\",\"download_all_label\":\"Download All Images\",\"download\":0,\"download_custom_name\":\"\",\"download_position\":\"top-left\",\"download_image_size\":\"default\",\"download_force\":0,\"download_invalid_password_message\":false,\"download_lightbox\":0,\"download_lightbox_position\":\"top-left\",\"download_lightbox_force\":0,\"fullscreen\":0,\"open_fullscreen\":0,\"print\":0,\"print_position\":\"top-left\",\"print_lightbox\":0,\"print_lightbox_position\":\"top-left\",\"slideshow\":0,\"autoplay\":0,\"slideshow_hover\":0,\"ss_speed\":5000,\"social\":0,\"social_facebook\":0,\"social_twitter\":0,\"social_google\":0,\"social_pinterest\":0,\"social_email\":0,\"social_position\":\"top-left\",\"social_orientation\":\"vertical\",\"social_twitter_text\":\"\",\"social_twitter_sharing_method\":\"\",\"social_twitter_summary_card_site\":\"\",\"social_twitter_summary_card_desc\":\"\",\"social_google_desc\":\"\",\"social_facebook_show_option_optional_text\":0,\"social_facebook_show_option_tags\":0,\"social_facebook_show_option_caption\":0,\"social_facebook_show_option_quote\":0,\"social_facebook_text\":\"\",\"social_facebook_tag_options\":\"manual\",\"social_facebook_tags_manual\":\"\",\"social_facebook_quote\":\"\",\"social_pinterest_type\":\"pin-one\",\"social_pinterest_rich\":false,\"social_email_image_size\":\"full\",\"social_lightbox\":0,\"social_lightbox_facebook\":0,\"social_lightbox_twitter\":0,\"social_lightbox_google\":0,\"social_lightbox_pinterest\":0,\"social_lightbox_email\":0,\"social_lightbox_position\":\"top-left\",\"social_lightbox_outside\":0,\"social_lightbox_orientation\":\"horizontal\",\"mobile_social\":0,\"mobile_social_facebook\":0,\"mobile_social_twitter\":0,\"mobile_social_google\":0,\"mobile_social_pinterest\":0,\"mobile_social_email\":0,\"mobile_social_lightbox\":0,\"mobile_social_lightbox_facebook\":0,\"mobile_social_lightbox_twitter\":0,\"mobile_social_lightbox_google\":0,\"mobile_social_lightbox_pinterest\":0,\"mobile_social_lightbox_email\":0,\"tags\":0,\"tags_filter\":false,\"tags_position\":\"above\",\"tags_all_enabled\":1,\"tags_all\":\"All\",\"tags_sorting\":\"\",\"tags_manual_sorting\":false,\"tags_display\":\"\",\"tags_scroll\":0,\"zoom\":0,\"zoom_hover\":0,\"zoom_position\":\"upper-left\",\"zoom_type\":\"basic\",\"zoom_effect\":\"fade-in\",\"zoom_lens_shape\":\"round\",\"zoom_lens_cursor\":1,\"zoom_window_size\":\"medium\",\"zoom_tint_color\":\"\",\"zoom_tint_color_opacity\":\"25\",\"zoom_mousewheel\":0,\"zoom_size\":200,\"mobile_zoom\":0,\"layout\":\"automatic\",\"gallery_id\":\"4241\"}' data-gallery-images='[{\"status\":\"active\",\"src\":\"https:\\\/\\\/temporaryservices.org\\\/served\\\/wp-content\\\/uploads\\\/2018\\\/10\\\/extension_1.jpg\",\"title\":\"Extension: Artists&rsquo; Books, Prints, and Zines\",\"link\":\"https:\\\/\\\/temporaryservices.org\\\/served\\\/wp-content\\\/uploads\\\/2018\\\/10\\\/extension_1.jpg\",\"alt\":\"\",\"caption\":false,\"thumb\":\"https:\\\/\\\/temporaryservices.org\\\/served\\\/wp-content\\\/uploads\\\/2018\\\/10\\\/extension_1-75x50_c.jpg\",\"tags\":[],\"meta\":{\"aperture\":\"4\",\"credit\":null,\"camera\":\"Canon EOS 5D Mark III\",\"caption\":\"\",\"created_timestamp\":\"1539282560\",\"copyright\":null,\"focal_length\":\"34\",\"iso\":\"2500\",\"shutter_speed\":\"0.016666666666667\",\"title\":\"\",\"orientation\":\"1\",\"keywords\":null,\"resized_images\":null},\"thumbnail\":\"https:\\\/\\\/temporaryservices.org\\\/served\\\/wp-content\\\/uploads\\\/2018\\\/10\\\/extension_1-100x100.jpg\",\"medium\":\"https:\\\/\\\/temporaryservices.org\\\/served\\\/wp-content\\\/uploads\\\/2018\\\/10\\\/extension_1-300x200.jpg\",\"medium_large\":\"https:\\\/\\\/temporaryservices.org\\\/served\\\/wp-content\\\/uploads\\\/2018\\\/10\\\/extension_1-768x512.jpg\",\"large\":\"https:\\\/\\\/temporaryservices.org\\\/served\\\/wp-content\\\/uploads\\\/2018\\\/10\\\/extension_1-1024x682.jpg\",\"1536x1536\":\"https:\\\/\\\/temporaryservices.org\\\/served\\\/wp-content\\\/uploads\\\/2018\\\/10\\\/extension_1.jpg\",\"2048x2048\":\"https:\\\/\\\/temporaryservices.org\\\/served\\\/wp-content\\\/uploads\\\/2018\\\/10\\\/extension_1.jpg\",\"full\":\"https:\\\/\\\/temporaryservices.org\\\/served\\\/wp-content\\\/uploads\\\/2018\\\/10\\\/extension_1.jpg\",\"index\":0,\"id\":4242,\"video\":false,\"opts\":{\"caption\":\"\",\"thumb\":\"https:\\\/\\\/temporaryservices.org\\\/served\\\/wp-content\\\/uploads\\\/2018\\\/10\\\/extension_1-75x50_c.jpg\",\"title\":\"Extension: Artists&rsquo; Books, Prints, and Zines\"},\"gallery_id\":\"4241\"},{\"status\":\"active\",\"src\":\"https:\\\/\\\/temporaryservices.org\\\/served\\\/wp-content\\\/uploads\\\/2018\\\/10\\\/extension_2.jpg\",\"title\":\"Extension: Artists&rsquo; Books, Prints, and Zines\",\"link\":\"https:\\\/\\\/temporaryservices.org\\\/served\\\/wp-content\\\/uploads\\\/2018\\\/10\\\/extension_2.jpg\",\"alt\":\"\",\"caption\":false,\"thumb\":\"https:\\\/\\\/temporaryservices.org\\\/served\\\/wp-content\\\/uploads\\\/2018\\\/10\\\/extension_2-75x50_c.jpg\",\"tags\":[],\"meta\":{\"aperture\":\"18\",\"credit\":null,\"camera\":\"Canon EOS 5D Mark II\",\"caption\":\"\",\"created_timestamp\":\"1539355356\",\"copyright\":null,\"focal_length\":\"24\",\"iso\":\"800\",\"shutter_speed\":\"0.8\",\"title\":\"\",\"orientation\":\"1\",\"keywords\":null,\"resized_images\":null},\"thumbnail\":\"https:\\\/\\\/temporaryservices.org\\\/served\\\/wp-content\\\/uploads\\\/2018\\\/10\\\/extension_2-100x100.jpg\",\"medium\":\"https:\\\/\\\/temporaryservices.org\\\/served\\\/wp-content\\\/uploads\\\/2018\\\/10\\\/extension_2-212x250.jpg\",\"medium_large\":\"https:\\\/\\\/temporaryservices.org\\\/served\\\/wp-content\\\/uploads\\\/2018\\\/10\\\/extension_2-768x908.jpg\",\"large\":\"https:\\\/\\\/temporaryservices.org\\\/served\\\/wp-content\\\/uploads\\\/2018\\\/10\\\/extension_2-867x1024.jpg\",\"1536x1536\":\"https:\\\/\\\/temporaryservices.org\\\/served\\\/wp-content\\\/uploads\\\/2018\\\/10\\\/extension_2.jpg\",\"2048x2048\":\"https:\\\/\\\/temporaryservices.org\\\/served\\\/wp-content\\\/uploads\\\/2018\\\/10\\\/extension_2.jpg\",\"full\":\"https:\\\/\\\/temporaryservices.org\\\/served\\\/wp-content\\\/uploads\\\/2018\\\/10\\\/extension_2.jpg\",\"index\":1,\"id\":4243,\"video\":false,\"opts\":{\"caption\":\"\",\"thumb\":\"https:\\\/\\\/temporaryservices.org\\\/served\\\/wp-content\\\/uploads\\\/2018\\\/10\\\/extension_2-75x50_c.jpg\",\"title\":\"Extension: Artists&rsquo; Books, Prints, and Zines\"},\"gallery_id\":\"4241\"},{\"status\":\"active\",\"src\":\"https:\\\/\\\/temporaryservices.org\\\/served\\\/wp-content\\\/uploads\\\/2018\\\/10\\\/extension_3.jpg\",\"title\":\"Extension: Artists&rsquo; Books, Prints, and Zines\",\"link\":\"https:\\\/\\\/temporaryservices.org\\\/served\\\/wp-content\\\/uploads\\\/2018\\\/10\\\/extension_3.jpg\",\"alt\":\"\",\"caption\":false,\"thumb\":\"https:\\\/\\\/temporaryservices.org\\\/served\\\/wp-content\\\/uploads\\\/2018\\\/10\\\/extension_3-75x50_c.jpg\",\"tags\":[],\"meta\":{\"aperture\":\"2.2\",\"credit\":null,\"camera\":\"iPhone SE\",\"caption\":\"\",\"created_timestamp\":\"1539686222\",\"copyright\":null,\"focal_length\":\"4.15\",\"iso\":\"125\",\"shutter_speed\":\"0.033333333333333\",\"title\":\"\",\"orientation\":\"1\",\"keywords\":null,\"resized_images\":null},\"thumbnail\":\"https:\\\/\\\/temporaryservices.org\\\/served\\\/wp-content\\\/uploads\\\/2018\\\/10\\\/extension_3-100x100.jpg\",\"medium\":\"https:\\\/\\\/temporaryservices.org\\\/served\\\/wp-content\\\/uploads\\\/2018\\\/10\\\/extension_3-222x250.jpg\",\"medium_large\":\"https:\\\/\\\/temporaryservices.org\\\/served\\\/wp-content\\\/uploads\\\/2018\\\/10\\\/extension_3-768x867.jpg\",\"large\":\"https:\\\/\\\/temporaryservices.org\\\/served\\\/wp-content\\\/uploads\\\/2018\\\/10\\\/extension_3-908x1024.jpg\",\"1536x1536\":\"https:\\\/\\\/temporaryservices.org\\\/served\\\/wp-content\\\/uploads\\\/2018\\\/10\\\/extension_3.jpg\",\"2048x2048\":\"https:\\\/\\\/temporaryservices.org\\\/served\\\/wp-content\\\/uploads\\\/2018\\\/10\\\/extension_3.jpg\",\"full\":\"https:\\\/\\\/temporaryservices.org\\\/served\\\/wp-content\\\/uploads\\\/2018\\\/10\\\/extension_3.jpg\",\"index\":2,\"id\":4244,\"video\":false,\"opts\":{\"caption\":\"\",\"thumb\":\"https:\\\/\\\/temporaryservices.org\\\/served\\\/wp-content\\\/uploads\\\/2018\\\/10\\\/extension_3-75x50_c.jpg\",\"title\":\"Extension: Artists&rsquo; Books, Prints, and Zines\"},\"gallery_id\":\"4241\"}]' data-lightbox-theme='{&quot;arrows&quot;:true,&quot;margins&quot;:[120,0],&quot;gutter&quot;:&quot;100&quot;,&quot;thumbs_position&quot;:&quot;bottom&quot;,&quot;base_template&quot;:&quot;&lt;div id=\\&quot;envirabox-4241\\&quot; data-envirabox-id=\\&quot;4241\\&quot; class=\\&quot;envirabox-container envirabox-theme-base_dark envirabox-wrap\\&quot; role=\\&quot;dialog\\&quot;&gt;&lt;div class=\\&quot;envirabox-bg\\&quot;&gt;&lt;\\\/div&gt;&lt;div class=\\&quot;envirabox-outer\\&quot;&gt;&lt;div class=\\&quot;envirabox-inner\\&quot;&gt;&lt;div class=\\&quot;envirabox-caption-wrap\\&quot;&gt;&lt;div class=\\&quot;envirabox-title\\&quot;&gt;&lt;\\\/div&gt;&lt;\\\/div&gt;&lt;div class=\\&quot;envirabox-toolbar\\&quot;&gt;&lt;div class=\\&quot;envira-close-button\\&quot;&gt;&lt;a data-envirabox-close class=\\&quot;envirabox-item envirabox-close envirabox-button--close\\&quot; title=\\&quot;Close\\&quot; href=\\&quot;#\\&quot;&gt;&lt;\\\/a&gt;&lt;\\\/div&gt;&lt;\\\/div&gt;&lt;div class=\\&quot;envirabox-navigation\\&quot;&gt;&lt;a data-envirabox-prev title=\\&quot;Prev\\&quot; class=\\&quot;envirabox-arrow envirabox-arrow--left envirabox-nav envirabox-prev\\&quot; href=\\&quot;#\\&quot;&gt;&lt;span&gt;&lt;\\\/span&gt;&lt;\\\/a&gt;&lt;a data-envirabox-next title=\\&quot;Next\\&quot; class=\\&quot;envirabox-arrow envirabox-arrow--right envirabox-nav envirabox-next\\&quot; href=\\&quot;#\\&quot;&gt;&lt;span&gt;&lt;\\\/span&gt;&lt;\\\/a&gt;&lt;\\\/div&gt;&lt;div class=\\&quot;envirabox-stage\\&quot;&gt;&lt;\\\/div&gt;&lt;\\\/div&gt;&lt;\\\/div&gt;&lt;\\\/div&gt;&quot;,&quot;load_all&quot;:false,&quot;error_template&quot;:&quot;&lt;div class=\\&quot;envirabox-error\\&quot;&gt;&lt;p&gt;{{ERROR}}&lt;p&gt;&lt;\\\/div&gt;&quot;,&quot;inner_caption&quot;:false,&quot;caption_position&quot;:false,&quot;arrow_position&quot;:false,&quot;toolbar&quot;:true,&quot;infobar&quot;:false,&quot;show_smallbtn&quot;:false,&quot;idle_time&quot;:false,&quot;click_content&quot;:false,&quot;click_slide&quot;:false,&quot;click_outside&quot;:false,&quot;animation_duration&quot;:false,&quot;transition_duration&quot;:false,&quot;small_btn_template&quot;:&quot;&lt;a data-envirabox-close class=\\&quot;envirabox-item envirabox-close envirabox-button--close\\&quot; title=\\&quot;Close\\&quot; href=\\&quot;#\\&quot;&gt;&lt;\\\/a&gt;&quot;}' data-parsed-attrs='{\"slug\":\"extension-artists-books-prints-and-zines-dixon-gallery-gardens-memphis-art-museum-memphis-tn-october-14-2018-january-13-2019\",\"cache\":true}'><div id=\"envira-gallery-item-4242\" class=\"envira-gallery-item envira-gallery-item-1 envira-lazy-load\" style=\"padding-left: 5px; padding-bottom: 10px; padding-right: 5px;\"  itemscope itemtype=\"https:\/\/schema.org\/ImageObject\"><div class=\"envira-gallery-item-inner\"><div class=\"envira-gallery-position-overlay envira-gallery-top-left\"><\/div><div class=\"envira-gallery-position-overlay envira-gallery-top-right\"><\/div><div class=\"envira-gallery-position-overlay envira-gallery-bottom-left\"><\/div><div class=\"envira-gallery-position-overlay envira-gallery-bottom-right\"><\/div><a class=\"envira-gallery-4241 envira-gallery-link\" href=\"https:\/\/temporaryservices.org\/served\/wp-content\/uploads\/2018\/10\/extension_1.jpg\" title=\"Extension: Artists\u2019 Books, Prints, and Zines\" data-caption=\"\" data-envira-item-id=\"4242\" data-envira-retina=\"https:\/\/temporaryservices.org\/served\/wp-content\/uploads\/2018\/10\/extension_1.jpg\" data-thumb=\"https:\/\/temporaryservices.org\/served\/wp-content\/uploads\/2018\/10\/extension_1-75x50_c.jpg\" data-title=\"Extension: Artists&rsquo; Books, Prints, and Zines\" data-envirabox='4241' itemprop=\"contentUrl\"><img loading=\"lazy\" decoding=\"async\" src=\"https:\/\/temporaryservices.org\/served\/wp-content\/uploads\/2018\/10\/extension_1-1024x682.jpg\" alt=\"\" class=\"envira-gallery-image envira-gallery-image-1    envira-lazy\" height=\"480\" id=\"envira-gallery-image-4242\" srcset=\"data:image\/gif;base64,R0lGODlhAQABAIAAAP\/\/\/\/\/\/\/yH5BAEKAAEALAAAAAABAAEAAAICTAEAOw==\" tabindex=\"-1\" title=\"Extension: Artists\u2019 Books, Prints, and Zines\" width=\"640\" data-caption=\"\" data-envira-gallery-id=\"4241\" data-envira-index=\"0\" data-envira-item-id=\"4242\" data-envira-src=\"https:\/\/temporaryservices.org\/served\/wp-content\/uploads\/2018\/10\/extension_1-1024x682.jpg\" data-envira-srcset=\"https:\/\/temporaryservices.org\/served\/wp-content\/uploads\/2018\/10\/extension_1-1024x682.jpg 400w, https:\/\/temporaryservices.org\/served\/wp-content\/uploads\/2018\/10\/extension_1-1024x682.jpg 2x\" data-title=\"Extension: Artists&rsquo; Books, Prints, and Zines\" itemprop=\"thumbnailUrl\"  data-envirabox=\"4241\" data-automatic-caption=\"Extension: Artists\u2019 Books, Prints, and Zines\" data-envira-height=\"200\" data-envira-width=\"300\" \/><\/a><\/div><\/div><div id=\"envira-gallery-item-4243\" class=\"envira-gallery-item envira-gallery-item-2 envira-lazy-load\" style=\"padding-left: 5px; padding-bottom: 10px; padding-right: 5px;\"  itemscope itemtype=\"https:\/\/schema.org\/ImageObject\"><div class=\"envira-gallery-item-inner\"><div class=\"envira-gallery-position-overlay envira-gallery-top-left\"><\/div><div class=\"envira-gallery-position-overlay envira-gallery-top-right\"><\/div><div class=\"envira-gallery-position-overlay envira-gallery-bottom-left\"><\/div><div class=\"envira-gallery-position-overlay envira-gallery-bottom-right\"><\/div><a class=\"envira-gallery-4241 envira-gallery-link\" href=\"https:\/\/temporaryservices.org\/served\/wp-content\/uploads\/2018\/10\/extension_2.jpg\" title=\"Extension: Artists\u2019 Books, Prints, and Zines\" data-caption=\"\" data-envira-item-id=\"4243\" data-envira-retina=\"https:\/\/temporaryservices.org\/served\/wp-content\/uploads\/2018\/10\/extension_2.jpg\" data-thumb=\"https:\/\/temporaryservices.org\/served\/wp-content\/uploads\/2018\/10\/extension_2-75x50_c.jpg\" data-title=\"Extension: Artists&rsquo; Books, Prints, and Zines\" data-envirabox='4241' itemprop=\"contentUrl\"><img loading=\"lazy\" decoding=\"async\" src=\"https:\/\/temporaryservices.org\/served\/wp-content\/uploads\/2018\/10\/extension_2-867x1024.jpg\" alt=\"\" class=\"envira-gallery-image envira-gallery-image-2    envira-lazy\" height=\"480\" id=\"envira-gallery-image-4243\" srcset=\"data:image\/gif;base64,R0lGODlhAQABAIAAAP\/\/\/\/\/\/\/yH5BAEKAAEALAAAAAABAAEAAAICTAEAOw==\" tabindex=\"-1\" title=\"Extension: Artists\u2019 Books, Prints, and Zines\" width=\"640\" data-caption=\"\" data-envira-gallery-id=\"4241\" data-envira-index=\"1\" data-envira-item-id=\"4243\" data-envira-src=\"https:\/\/temporaryservices.org\/served\/wp-content\/uploads\/2018\/10\/extension_2-867x1024.jpg\" data-envira-srcset=\"https:\/\/temporaryservices.org\/served\/wp-content\/uploads\/2018\/10\/extension_2-867x1024.jpg 400w, https:\/\/temporaryservices.org\/served\/wp-content\/uploads\/2018\/10\/extension_2-867x1024.jpg 2x\" data-title=\"Extension: Artists&rsquo; Books, Prints, and Zines\" itemprop=\"thumbnailUrl\"  data-envirabox=\"4241\" data-automatic-caption=\"Extension: Artists\u2019 Books, Prints, and Zines\" data-envira-height=\"250\" data-envira-width=\"212\" \/><\/a><\/div><\/div><div id=\"envira-gallery-item-4244\" class=\"envira-gallery-item envira-gallery-item-3 envira-lazy-load\" style=\"padding-left: 5px; padding-bottom: 10px; padding-right: 5px;\"  itemscope itemtype=\"https:\/\/schema.org\/ImageObject\"><div class=\"envira-gallery-item-inner\"><div class=\"envira-gallery-position-overlay envira-gallery-top-left\"><\/div><div class=\"envira-gallery-position-overlay envira-gallery-top-right\"><\/div><div class=\"envira-gallery-position-overlay envira-gallery-bottom-left\"><\/div><div class=\"envira-gallery-position-overlay envira-gallery-bottom-right\"><\/div><a class=\"envira-gallery-4241 envira-gallery-link\" href=\"https:\/\/temporaryservices.org\/served\/wp-content\/uploads\/2018\/10\/extension_3.jpg\" title=\"Extension: Artists\u2019 Books, Prints, and Zines\" data-caption=\"\" data-envira-item-id=\"4244\" data-envira-retina=\"https:\/\/temporaryservices.org\/served\/wp-content\/uploads\/2018\/10\/extension_3.jpg\" data-thumb=\"https:\/\/temporaryservices.org\/served\/wp-content\/uploads\/2018\/10\/extension_3-75x50_c.jpg\" data-title=\"Extension: Artists&rsquo; Books, Prints, and Zines\" data-envirabox='4241' itemprop=\"contentUrl\"><img loading=\"lazy\" decoding=\"async\" src=\"https:\/\/temporaryservices.org\/served\/wp-content\/uploads\/2018\/10\/extension_3-908x1024.jpg\" alt=\"\" class=\"envira-gallery-image envira-gallery-image-3    envira-lazy\" height=\"480\" id=\"envira-gallery-image-4244\" srcset=\"data:image\/gif;base64,R0lGODlhAQABAIAAAP\/\/\/\/\/\/\/yH5BAEKAAEALAAAAAABAAEAAAICTAEAOw==\" tabindex=\"-1\" title=\"Extension: Artists\u2019 Books, Prints, and Zines\" width=\"640\" data-caption=\"\" data-envira-gallery-id=\"4241\" data-envira-index=\"2\" data-envira-item-id=\"4244\" data-envira-src=\"https:\/\/temporaryservices.org\/served\/wp-content\/uploads\/2018\/10\/extension_3-908x1024.jpg\" data-envira-srcset=\"https:\/\/temporaryservices.org\/served\/wp-content\/uploads\/2018\/10\/extension_3-908x1024.jpg 400w, https:\/\/temporaryservices.org\/served\/wp-content\/uploads\/2018\/10\/extension_3-908x1024.jpg 2x\" data-title=\"Extension: Artists&rsquo; Books, Prints, and Zines\" itemprop=\"thumbnailUrl\"  data-envirabox=\"4241\" data-automatic-caption=\"Extension: Artists\u2019 Books, Prints, and Zines\" data-envira-height=\"250\" data-envira-width=\"222\" \/><\/a><\/div><\/div><\/div><\/div><noscript><img src='https:\/\/temporaryservices.org\/served\/wp-content\/uploads\/2018\/10\/extension_1.jpg' alt='' class='envira_noscript_images ' \/><img src='https:\/\/temporaryservices.org\/served\/wp-content\/uploads\/2018\/10\/extension_2.jpg' alt='' class='envira_noscript_images ' \/><img src='https:\/\/temporaryservices.org\/served\/wp-content\/uploads\/2018\/10\/extension_3.jpg' alt='' class='envira_noscript_images ' \/><\/noscript>\n\n\n\n<p>Extension, organized by guest curator Corkey Sinks, aims to reveal a spectrum of contemporary approaches to print media with an emphasis on self-publishing. Works in the exhibition range in scale, in edition size, and in material, from repeat-printed yardage to pocket-sized zines. (Zines are<br \/>\ntypically small editioned booklets or pamphlets published by individuals or collectives.) These diverse works explore a number of themes visible in the work of El Taller de Graf\u00edca Popular and Jean-Louis Forain including political theory, cultural identity, and social critique.<\/p>\n\n\n\n<p>Featuring works by Abigail Lucien, Ricardo Vicente Ruiz, Daniel Leudtke, Liz Ensz, Emmy Bright, Yumi Sakugawa, Walls Divide Press, Temporary Services, and many others, artists offer urgent and intimate observations of their present conditions, reflections on history, and speculations upon the future.<\/p>\n\n\n\n<p><strong><a href=\"http:\/\/www.dixon.org\/upcoming-exhibitions\" target=\"_blank\" rel=\"noopener noreferrer\">Dixon Gallery &amp; Gardens<\/a><\/strong><br \/><\/p>\n","protected":false},"excerpt":{"rendered":"<p>Focal Point Art Book Fair, Sharjah Art Foundation, Sharjah, United Arab Emirates, November 14-16, 2019 The second edition of FOCAL POINT art book fair will present printed matter by artists and publishers from the region and across the world. As part of the broader presentation, this year\u2019s content will include a special focus on zines&hellip;<\/p>\n","protected":false},"author":5,"featured_media":0,"parent":0,"menu_order":0,"comment_status":"closed","ping_status":"closed","template":"","meta":{"footnotes":""},"class_list":["post-4316","page","type-page","status-publish","hentry","odd"],"_links":{"self":[{"href":"https:\/\/temporaryservices.org\/served\/wp-json\/wp\/v2\/pages\/4316","targetHints":{"allow":["GET"]}}],"collection":[{"href":"https:\/\/temporaryservices.org\/served\/wp-json\/wp\/v2\/pages"}],"about":[{"href":"https:\/\/temporaryservices.org\/served\/wp-json\/wp\/v2\/types\/page"}],"author":[{"embeddable":true,"href":"https:\/\/temporaryservices.org\/served\/wp-json\/wp\/v2\/users\/5"}],"replies":[{"embeddable":true,"href":"https:\/\/temporaryservices.org\/served\/wp-json\/wp\/v2\/comments?post=4316"}],"version-history":[{"count":61,"href":"https:\/\/temporaryservices.org\/served\/wp-json\/wp\/v2\/pages\/4316\/revisions"}],"predecessor-version":[{"id":4734,"href":"https:\/\/temporaryservices.org\/served\/wp-json\/wp\/v2\/pages\/4316\/revisions\/4734"}],"wp:attachment":[{"href":"https:\/\/temporaryservices.org\/served\/wp-json\/wp\/v2\/media?parent=4316"}],"curies":[{"name":"wp","href":"https:\/\/api.w.org\/{rel}","templated":true}]}}